{"id":116,"date":"2017-08-03T09:42:11","date_gmt":"2017-08-03T09:42:11","guid":{"rendered":"http:\/\/art-badkrozingen.de\/?page_id=116"},"modified":"2023-06-22T09:03:21","modified_gmt":"2023-06-22T09:03:21","slug":"rod-bransch","status":"publish","type":"page","link":"http:\/\/art-badkrozingen.de\/?page_id=116","title":{"rendered":"Rod Brandsch"},"content":{"rendered":"<h4>Malerei<\/h4>\n<p>Geboren in M\u00fchlbach, Siebenb\u00fcrgen.<br \/>\nFr\u00fche F\u00f6rderung der k\u00fcnstlerischen Neigung. Neben einer wissenschaftlich-universit\u00e4ren Laufbahn an den Universit\u00e4ten in Jassy, Rum\u00e4nien<br \/>\nund Freiburg i. Br. Anhaltende, produktive Auseinandersetzung mit der bildenden Kunst. Bilder in \u00d6lkreide, Farbzeichnungen und Bilder in einer eigenen, auf \u00d6lfarbe basierenden Mischtechnik, die die Bilder je nach Lichteinfall leuchten l\u00e4sst. Erweiterung der Bildsprache durch Formelemente des Natur-Mikrokosmos.<\/p>\n<p>Wohn-Atelier in der Schlatterstra\u00dfe 24, Bad Krozingen.<br \/>\ne-mail: <a href=\"mailto:roderich.brandsch@t-online.de\">roderich.brandsch@t-online.de<\/a><br \/>\nHomepage: <a href=\"http:\/\/www.roderich-brandsch.de\" target=\"_blank\" rel=\"noopener\">www.roderich-brandsch.de&nbsp;<\/a><\/p>\n<p><!-- index.php -->\n<div\n\tclass=\"ngg-galleryoverview ngg-ajax-pagination-none\"\n\tid=\"ngg-gallery-c327c7a3625fc934da8985343fbdb905-1\">\n\n    \t<div class=\"slideshowlink\">\n        <a href='http:\/\/art-badkrozingen.de\/index.php\/nggallery\/slideshow?page_id=116'>[Zeige eine Slideshow]<\/a>\n\t\t\n\t<\/div>\n\t\t\t<!-- Thumbnails -->\n\t\t\t\t<div id=\"ngg-image-0\" class=\"ngg-gallery-thumbnail-box\" >\n\t\t\t\t        <div class=\"ngg-gallery-thumbnail\">\n            <a href=\"http:\/\/art-badkrozingen.de\/wp-content\/gallery\/rod-brandsch\/Die-Flut-1-2023-100x80-cm.jpg\"\n               title=\"\"\n               data-src=\"http:\/\/art-badkrozingen.de\/wp-content\/gallery\/rod-brandsch\/Die-Flut-1-2023-100x80-cm.jpg\"\n               data-thumbnail=\"http:\/\/art-badkrozingen.de\/wp-content\/gallery\/rod-brandsch\/thumbs\/thumbs_Die-Flut-1-2023-100x80-cm.jpg\"\n               data-image-id=\"1051\"\n               data-title=\"Die-Flut-1-2023-100x80-cm\"\n               data-description=\"\"\n               data-image-slug=\"die-flut-1-2023-100x80-cm\"\n               class=\"ngg-fancybox\" rel=\"c327c7a3625fc934da8985343fbdb905\">\n                <img\n                    title=\"Die-Flut-1-2023-100x80-cm\"\n                    alt=\"Die-Flut-1-2023-100x80-cm\"\n                    src=\"http:\/\/art-badkrozingen.de\/wp-content\/gallery\/rod-brandsch\/thumbs\/thumbs_Die-Flut-1-2023-100x80-cm.jpg\"\n                    width=\"200\"\n                    height=\"155\"\n                    style=\"max-width:100%;\"\n                \/>\n            <\/a>\n        <\/div>\n\t\t\t\t\t\t\t<\/div> \n\t\t\t\n        \n\t\t\t\t<div id=\"ngg-image-1\" class=\"ngg-gallery-thumbnail-box\" >\n\t\t\t\t        <div class=\"ngg-gallery-thumbnail\">\n            <a href=\"http:\/\/art-badkrozingen.de\/wp-content\/gallery\/rod-brandsch\/Mikrowelten-2022-60x60-cm.jpg\"\n               title=\"\"\n               data-src=\"http:\/\/art-badkrozingen.de\/wp-content\/gallery\/rod-brandsch\/Mikrowelten-2022-60x60-cm.jpg\"\n               data-thumbnail=\"http:\/\/art-badkrozingen.de\/wp-content\/gallery\/rod-brandsch\/thumbs\/thumbs_Mikrowelten-2022-60x60-cm.jpg\"\n               data-image-id=\"1050\"\n               data-title=\"Mikrowelten-2022-60x60-cm\"\n               data-description=\"\"\n               data-image-slug=\"mikrowelten-2022-60x60-cm\"\n               class=\"ngg-fancybox\" rel=\"c327c7a3625fc934da8985343fbdb905\">\n                <img\n                    title=\"Mikrowelten-2022-60x60-cm\"\n                    alt=\"Mikrowelten-2022-60x60-cm\"\n                    src=\"http:\/\/art-badkrozingen.de\/wp-content\/gallery\/rod-brandsch\/thumbs\/thumbs_Mikrowelten-2022-60x60-cm.jpg\"\n                    width=\"200\"\n                    height=\"155\"\n                    style=\"max-width:100%;\"\n                \/>\n            <\/a>\n        <\/div>\n\t\t\t\t\t\t\t<\/div> \n\t\t\t\n        \n\t\t\t\t<div id=\"ngg-image-2\" class=\"ngg-gallery-thumbnail-box\" >\n\t\t\t\t        <div class=\"ngg-gallery-thumbnail\">\n            <a href=\"http:\/\/art-badkrozingen.de\/wp-content\/gallery\/rod-brandsch\/Narrenschiff-2022-80x100-cm.jpg\"\n               title=\"\"\n               data-src=\"http:\/\/art-badkrozingen.de\/wp-content\/gallery\/rod-brandsch\/Narrenschiff-2022-80x100-cm.jpg\"\n               data-thumbnail=\"http:\/\/art-badkrozingen.de\/wp-content\/gallery\/rod-brandsch\/thumbs\/thumbs_Narrenschiff-2022-80x100-cm.jpg\"\n               data-image-id=\"1052\"\n               data-title=\"Narrenschiff-2022-80x100-cm\"\n               data-description=\"\"\n               data-image-slug=\"narrenschiff-2022-80x100-cm\"\n               class=\"ngg-fancybox\" rel=\"c327c7a3625fc934da8985343fbdb905\">\n                <img\n                    title=\"Narrenschiff-2022-80x100-cm\"\n                    alt=\"Narrenschiff-2022-80x100-cm\"\n                    src=\"http:\/\/art-badkrozingen.de\/wp-content\/gallery\/rod-brandsch\/thumbs\/thumbs_Narrenschiff-2022-80x100-cm.jpg\"\n                    width=\"200\"\n                    height=\"155\"\n                    style=\"max-width:100%;\"\n                \/>\n            <\/a>\n        <\/div>\n\t\t\t\t\t\t\t<\/div> \n\t\t\t\n        \n\t\t\n\t\t<!-- Pagination -->\n\t<div class='ngg-clear'><\/div>\t<\/div>\nDie Flut-1, 2023<br \/>\nMikrowelten, 2022<br \/>\nNarrenschiff, 2022<\/p>\n<p>&nbsp;<\/p>\n","protected":false},"excerpt":{"rendered":"<p>Malerei Geboren in M\u00fchlbach, Siebenb\u00fcrgen. Fr\u00fche F\u00f6rderung der k\u00fcnstlerischen Neigung. Neben einer wissenschaftlich-universit\u00e4ren Laufbahn an den Universit\u00e4ten in Jassy, Rum\u00e4nien und Freiburg i. Br. Anhaltende, produktive Auseinandersetzung mit der bildenden Kunst. Bilder in \u00d6lkreide, Farbzeichnungen und Bilder in einer eigenen, auf \u00d6lfarbe basierenden Mischtechnik, die die Bilder je nach Lichteinfall leuchten l\u00e4sst. Erweiterung der Bildsprache [&hellip;]<\/p>\n","protected":false},"author":1,"featured_media":0,"parent":0,"menu_order":0,"comment_status":"closed","ping_status":"closed","template":"","meta":{"ngg_post_thumbnail":0},"_links":{"self":[{"href":"http:\/\/art-badkrozingen.de\/index.php?rest_route=\/wp\/v2\/pages\/116"}],"collection":[{"href":"http:\/\/art-badkrozingen.de\/index.php?rest_route=\/wp\/v2\/pages"}],"about":[{"href":"http:\/\/art-badkrozingen.de\/index.php?rest_route=\/wp\/v2\/types\/page"}],"author":[{"embeddable":true,"href":"http:\/\/art-badkrozingen.de\/index.php?rest_route=\/wp\/v2\/users\/1"}],"replies":[{"embeddable":true,"href":"http:\/\/art-badkrozingen.de\/index.php?rest_route=%2Fwp%2Fv2%2Fcomments&post=116"}],"version-history":[{"count":14,"href":"http:\/\/art-badkrozingen.de\/index.php?rest_route=\/wp\/v2\/pages\/116\/revisions"}],"predecessor-version":[{"id":5429,"href":"http:\/\/art-badkrozingen.de\/index.php?rest_route=\/wp\/v2\/pages\/116\/revisions\/5429"}],"wp:attachment":[{"href":"http:\/\/art-badkrozingen.de\/index.php?rest_route=%2Fwp%2Fv2%2Fmedia&parent=116"}],"curies":[{"name":"wp","href":"https:\/\/api.w.org\/{rel}","templated":true}]}}