{"id":6626,"date":"2025-06-09T06:27:29","date_gmt":"2025-06-09T06:27:29","guid":{"rendered":"https:\/\/art-badkrozingen.de\/?page_id=6626"},"modified":"2025-06-09T06:43:18","modified_gmt":"2025-06-09T06:43:18","slug":"inge-gruendel-pfaff","status":"publish","type":"page","link":"http:\/\/art-badkrozingen.de\/?page_id=6626","title":{"rendered":"Inge Gr\u00fcndel-Pfaff"},"content":{"rendered":"<p><img loading=\"lazy\" class=\" wp-image-6629 alignright\" src=\"https:\/\/art-badkrozingen.de\/wp-content\/uploads\/2025\/06\/Profilbild.jpg\" alt=\"\" width=\"516\" height=\"344\" srcset=\"http:\/\/art-badkrozingen.de\/wp-content\/uploads\/2025\/06\/Profilbild.jpg 1024w, http:\/\/art-badkrozingen.de\/wp-content\/uploads\/2025\/06\/Profilbild-300x200.jpg 300w, http:\/\/art-badkrozingen.de\/wp-content\/uploads\/2025\/06\/Profilbild-768x512.jpg 768w\" sizes=\"(max-width: 516px) 100vw, 516px\" \/><\/p>\n<p><strong>Malerin<\/strong><\/p>\n<p>Ich bin freischaffende K\u00fcnstlerin und Auftragsmalerin und m\u00f6chte: <em>&#8220;<\/em><em>F<\/em><em>a<\/em><em>r<\/em><em>b<\/em><em>e <\/em><em>in <\/em><em>Dein<\/em><em> Leben bringen&#8221;, <\/em><em>die Welt ist schon <\/em><em>&#8220;grau&#8221;<\/em><em> genug.&nbsp;<\/em><\/p>\n<p>&nbsp;Durch die Leuchtkraft der Farben m\u00f6chte ich Optimismus und Lebensfreude vermitteln. Meine Experimentierfreude findet hierbei keine Grenzen, Tiere und Menschen interessieren mich in aller Vielfalt, Besonderheit und vor allem die Pers\u00f6nlichkeit und das Temperament. Auch male ich gerne Trachten- und Traditionsmotive, nat\u00fcrlich immer fr\u00f6hlich und zeitgen\u00f6ssisch dargestellt.<\/p>\n<p>Meinen Traum einer eigenen Galerie + Atelier \u201eKUNsTERBUNTes \u00ae\u201c in Bad Bellingenhabe ich mir 2014 erf\u00fcllt und 2021 den Schritt in die Selbstst\u00e4ndigkeit gewagt!&nbsp;<\/p>\n<p>Weitere Infos, Fotogalerie und Auftragsmalerei:<\/p>\n<p><strong><a href=\"http:\/\/www.dein-wunschbild.de\">www.dein-wunschbild.de<\/a><\/strong><\/p>\n<p><strong><a href=\"mailto:dein-wunschbild@web.de\">dein-wunschbild@web.de<\/a>&nbsp; &nbsp; &nbsp; &nbsp;<\/strong><\/p>\n<!-- index.php -->\n<div\n\tclass=\"ngg-galleryoverview ngg-ajax-pagination-none\"\n\tid=\"ngg-gallery-984e7de6c0225173ea1625c8aae00b9e-1\">\n\n    \t<div class=\"slideshowlink\">\n        <a href='http:\/\/art-badkrozingen.de\/index.php\/nggallery\/slideshow?page_id=6626'>[Zeige eine Slideshow]<\/a>\n\t\t\n\t<\/div>\n\t\t\t<!-- Thumbnails -->\n\t\t\t\t<div id=\"ngg-image-0\" class=\"ngg-gallery-thumbnail-box\" >\n\t\t\t\t        <div class=\"ngg-gallery-thumbnail\">\n            <a href=\"http:\/\/art-badkrozingen.de\/wp-content\/gallery\/gruendel-pfaff\/Im-Atelier.jpg\"\n               title=\"\"\n               data-src=\"http:\/\/art-badkrozingen.de\/wp-content\/gallery\/gruendel-pfaff\/Im-Atelier.jpg\"\n               data-thumbnail=\"http:\/\/art-badkrozingen.de\/wp-content\/gallery\/gruendel-pfaff\/thumbs\/thumbs_Im-Atelier.jpg\"\n               data-image-id=\"1495\"\n               data-title=\"Im-Atelier\"\n               data-description=\"\"\n               data-image-slug=\"im-atelier\"\n               class=\"ngg-fancybox\" rel=\"984e7de6c0225173ea1625c8aae00b9e\">\n                <img\n                    title=\"Im-Atelier\"\n                    alt=\"Im-Atelier\"\n                    src=\"http:\/\/art-badkrozingen.de\/wp-content\/gallery\/gruendel-pfaff\/thumbs\/thumbs_Im-Atelier.jpg\"\n                    width=\"200\"\n                    height=\"155\"\n                    style=\"max-width:100%;\"\n                \/>\n            <\/a>\n        <\/div>\n\t\t\t\t\t\t\t<\/div> \n\t\t\t\n        \n\t\t\t\t<div id=\"ngg-image-1\" class=\"ngg-gallery-thumbnail-box\" >\n\t\t\t\t        <div class=\"ngg-gallery-thumbnail\">\n            <a href=\"http:\/\/art-badkrozingen.de\/wp-content\/gallery\/gruendel-pfaff\/Sommertraum-Inge-Gruendel-Pfaff.jpg\"\n               title=\"\"\n               data-src=\"http:\/\/art-badkrozingen.de\/wp-content\/gallery\/gruendel-pfaff\/Sommertraum-Inge-Gruendel-Pfaff.jpg\"\n               data-thumbnail=\"http:\/\/art-badkrozingen.de\/wp-content\/gallery\/gruendel-pfaff\/thumbs\/thumbs_Sommertraum-Inge-Gruendel-Pfaff.jpg\"\n               data-image-id=\"1496\"\n               data-title=\"Sommertraum-Inge-Gruendel-Pfaff\"\n               data-description=\"\"\n               data-image-slug=\"sommertraum-inge-gruendel-pfaff\"\n               class=\"ngg-fancybox\" rel=\"984e7de6c0225173ea1625c8aae00b9e\">\n                <img\n                    title=\"Sommertraum-Inge-Gruendel-Pfaff\"\n                    alt=\"Sommertraum-Inge-Gruendel-Pfaff\"\n                    src=\"http:\/\/art-badkrozingen.de\/wp-content\/gallery\/gruendel-pfaff\/thumbs\/thumbs_Sommertraum-Inge-Gruendel-Pfaff.jpg\"\n                    width=\"200\"\n                    height=\"155\"\n                    style=\"max-width:100%;\"\n                \/>\n            <\/a>\n        <\/div>\n\t\t\t\t\t\t\t<\/div> \n\t\t\t\n        \n\t\t\t\t<div id=\"ngg-image-2\" class=\"ngg-gallery-thumbnail-box\" >\n\t\t\t\t        <div class=\"ngg-gallery-thumbnail\">\n            <a href=\"http:\/\/art-badkrozingen.de\/wp-content\/gallery\/gruendel-pfaff\/Gluecksmoment-Inge-Gruendel-Pfaff.jpg\"\n               title=\"\"\n               data-src=\"http:\/\/art-badkrozingen.de\/wp-content\/gallery\/gruendel-pfaff\/Gluecksmoment-Inge-Gruendel-Pfaff.jpg\"\n               data-thumbnail=\"http:\/\/art-badkrozingen.de\/wp-content\/gallery\/gruendel-pfaff\/thumbs\/thumbs_Gluecksmoment-Inge-Gruendel-Pfaff.jpg\"\n               data-image-id=\"1497\"\n               data-title=\"Gluecksmoment-Inge-Gruendel-Pfaff\"\n               data-description=\"\"\n               data-image-slug=\"gluecksmoment-inge-gruendel-pfaff\"\n               class=\"ngg-fancybox\" rel=\"984e7de6c0225173ea1625c8aae00b9e\">\n                <img\n                    title=\"Gluecksmoment-Inge-Gruendel-Pfaff\"\n                    alt=\"Gluecksmoment-Inge-Gruendel-Pfaff\"\n                    src=\"http:\/\/art-badkrozingen.de\/wp-content\/gallery\/gruendel-pfaff\/thumbs\/thumbs_Gluecksmoment-Inge-Gruendel-Pfaff.jpg\"\n                    width=\"200\"\n                    height=\"155\"\n                    style=\"max-width:100%;\"\n                \/>\n            <\/a>\n        <\/div>\n\t\t\t\t\t\t\t<\/div> \n\t\t\t\n        \n\t\t\t\t<div id=\"ngg-image-3\" class=\"ngg-gallery-thumbnail-box\" >\n\t\t\t\t        <div class=\"ngg-gallery-thumbnail\">\n            <a href=\"http:\/\/art-badkrozingen.de\/wp-content\/gallery\/gruendel-pfaff\/%E2%80%9ETradition-ist-koestlich.jpg\"\n               title=\"\"\n               data-src=\"http:\/\/art-badkrozingen.de\/wp-content\/gallery\/gruendel-pfaff\/%E2%80%9ETradition-ist-koestlich.jpg\"\n               data-thumbnail=\"http:\/\/art-badkrozingen.de\/wp-content\/gallery\/gruendel-pfaff\/thumbs\/thumbs_%E2%80%9ETradition-ist-koestlich.jpg\"\n               data-image-id=\"1498\"\n               data-title=\"\u201eTradition-ist-koestlich\"\n               data-description=\"\"\n               data-image-slug=\"%e2%80%9etradition-ist-koestlich\"\n               class=\"ngg-fancybox\" rel=\"984e7de6c0225173ea1625c8aae00b9e\">\n                <img\n                    title=\"\u201eTradition-ist-koestlich\"\n                    alt=\"\u201eTradition-ist-koestlich\"\n                    src=\"http:\/\/art-badkrozingen.de\/wp-content\/gallery\/gruendel-pfaff\/thumbs\/thumbs_%E2%80%9ETradition-ist-koestlich.jpg\"\n                    width=\"200\"\n                    height=\"155\"\n                    style=\"max-width:100%;\"\n                \/>\n            <\/a>\n        <\/div>\n\t\t\t\t\t\t\t<\/div> \n\t\t\t\n        \n\t\t\t\t<div id=\"ngg-image-4\" class=\"ngg-gallery-thumbnail-box\" >\n\t\t\t\t        <div class=\"ngg-gallery-thumbnail\">\n            <a href=\"http:\/\/art-badkrozingen.de\/wp-content\/gallery\/gruendel-pfaff\/Heimat.jpg\"\n               title=\"\"\n               data-src=\"http:\/\/art-badkrozingen.de\/wp-content\/gallery\/gruendel-pfaff\/Heimat.jpg\"\n               data-thumbnail=\"http:\/\/art-badkrozingen.de\/wp-content\/gallery\/gruendel-pfaff\/thumbs\/thumbs_Heimat.jpg\"\n               data-image-id=\"1499\"\n               data-title=\"Heimat\"\n               data-description=\"\"\n               data-image-slug=\"heimat\"\n               class=\"ngg-fancybox\" rel=\"984e7de6c0225173ea1625c8aae00b9e\">\n                <img\n                    title=\"Heimat\"\n                    alt=\"Heimat\"\n                    src=\"http:\/\/art-badkrozingen.de\/wp-content\/gallery\/gruendel-pfaff\/thumbs\/thumbs_Heimat.jpg\"\n                    width=\"200\"\n                    height=\"155\"\n                    style=\"max-width:100%;\"\n                \/>\n            <\/a>\n        <\/div>\n\t\t\t\t\t\t\t<\/div> \n\t\t\t\n        \n\t\t\t\t<div id=\"ngg-image-5\" class=\"ngg-gallery-thumbnail-box\" >\n\t\t\t\t        <div class=\"ngg-gallery-thumbnail\">\n            <a href=\"http:\/\/art-badkrozingen.de\/wp-content\/gallery\/gruendel-pfaff\/Wiedehopf.jpg\"\n               title=\"\"\n               data-src=\"http:\/\/art-badkrozingen.de\/wp-content\/gallery\/gruendel-pfaff\/Wiedehopf.jpg\"\n               data-thumbnail=\"http:\/\/art-badkrozingen.de\/wp-content\/gallery\/gruendel-pfaff\/thumbs\/thumbs_Wiedehopf.jpg\"\n               data-image-id=\"1500\"\n               data-title=\"Wiedehopf\"\n               data-description=\"\"\n               data-image-slug=\"wiedehopf\"\n               class=\"ngg-fancybox\" rel=\"984e7de6c0225173ea1625c8aae00b9e\">\n                <img\n                    title=\"Wiedehopf\"\n                    alt=\"Wiedehopf\"\n                    src=\"http:\/\/art-badkrozingen.de\/wp-content\/gallery\/gruendel-pfaff\/thumbs\/thumbs_Wiedehopf.jpg\"\n                    width=\"200\"\n                    height=\"155\"\n                    style=\"max-width:100%;\"\n                \/>\n            <\/a>\n        <\/div>\n\t\t\t\t\t\t\t<\/div> \n\t\t\t\n        \n\t\t\t\t<div id=\"ngg-image-6\" class=\"ngg-gallery-thumbnail-box\" >\n\t\t\t\t        <div class=\"ngg-gallery-thumbnail\">\n            <a href=\"http:\/\/art-badkrozingen.de\/wp-content\/gallery\/gruendel-pfaff\/einfach-Saugut.jpg\"\n               title=\"\"\n               data-src=\"http:\/\/art-badkrozingen.de\/wp-content\/gallery\/gruendel-pfaff\/einfach-Saugut.jpg\"\n               data-thumbnail=\"http:\/\/art-badkrozingen.de\/wp-content\/gallery\/gruendel-pfaff\/thumbs\/thumbs_einfach-Saugut.jpg\"\n               data-image-id=\"1494\"\n               data-title=\"einfach-Saugut\"\n               data-description=\"\"\n               data-image-slug=\"einfach-saugut\"\n               class=\"ngg-fancybox\" rel=\"984e7de6c0225173ea1625c8aae00b9e\">\n                <img\n                    title=\"einfach-Saugut\"\n                    alt=\"einfach-Saugut\"\n                    src=\"http:\/\/art-badkrozingen.de\/wp-content\/gallery\/gruendel-pfaff\/thumbs\/thumbs_einfach-Saugut.jpg\"\n                    width=\"200\"\n                    height=\"155\"\n                    style=\"max-width:100%;\"\n                \/>\n            <\/a>\n        <\/div>\n\t\t\t\t\t\t\t<\/div> \n\t\t\t\n        \n\t\t\n\t\t<!-- Pagination -->\n\t<div class='ngg-clear'><\/div>\t<\/div>\n\n","protected":false},"excerpt":{"rendered":"<p>Malerin Ich bin freischaffende K\u00fcnstlerin und Auftragsmalerin und m\u00f6chte: &#8220;Farbe in Dein Leben bringen&#8221;, die Welt ist schon &#8220;grau&#8221; genug.&nbsp; &nbsp;Durch die Leuchtkraft der Farben m\u00f6chte ich Optimismus und Lebensfreude vermitteln. Meine Experimentierfreude findet hierbei keine Grenzen, Tiere und Menschen interessieren mich in aller Vielfalt, Besonderheit und vor allem die Pers\u00f6nlichkeit und das Temperament. Auch [&hellip;]<\/p>\n","protected":false},"author":1,"featured_media":0,"parent":0,"menu_order":0,"comment_status":"closed","ping_status":"closed","template":"","meta":{"ngg_post_thumbnail":0},"_links":{"self":[{"href":"http:\/\/art-badkrozingen.de\/index.php?rest_route=\/wp\/v2\/pages\/6626"}],"collection":[{"href":"http:\/\/art-badkrozingen.de\/index.php?rest_route=\/wp\/v2\/pages"}],"about":[{"href":"http:\/\/art-badkrozingen.de\/index.php?rest_route=\/wp\/v2\/types\/page"}],"author":[{"embeddable":true,"href":"http:\/\/art-badkrozingen.de\/index.php?rest_route=\/wp\/v2\/users\/1"}],"replies":[{"embeddable":true,"href":"http:\/\/art-badkrozingen.de\/index.php?rest_route=%2Fwp%2Fv2%2Fcomments&post=6626"}],"version-history":[{"count":6,"href":"http:\/\/art-badkrozingen.de\/index.php?rest_route=\/wp\/v2\/pages\/6626\/revisions"}],"predecessor-version":[{"id":6648,"href":"http:\/\/art-badkrozingen.de\/index.php?rest_route=\/wp\/v2\/pages\/6626\/revisions\/6648"}],"wp:attachment":[{"href":"http:\/\/art-badkrozingen.de\/index.php?rest_route=%2Fwp%2Fv2%2Fmedia&parent=6626"}],"curies":[{"name":"wp","href":"https:\/\/api.w.org\/{rel}","templated":true}]}}